{"id":5345,"date":"2020-02-12T16:10:00","date_gmt":"2020-02-12T19:10:00","guid":{"rendered":"https:\/\/www.coneau.gob.ar\/?page_id=5345"},"modified":"2020-06-05T12:29:31","modified_gmt":"2020-06-05T15:29:31","slug":"ciencias-aplicadas","status":"publish","type":"page","link":"https:\/\/www.coneau.gob.ar\/coneau\/ciencias-aplicadas\/","title":{"rendered":"Ciencias Aplicadas"},"content":{"rendered":"<p><strong><span style=\"color: #009bde;\"><a style=\"color: #009bde;\" href=\"https:\/\/www.coneau.gob.ar\/archivos\/resoluciones\/RS-2019-82111674-APN-CONEAU-MECCYT.pdf\" target=\"_blank\" rel=\"noopener noreferrer\">\u2666 <strong>RESFC-2019-400-APN-CONEAU#MECCYT<\/strong><\/a>\u00a0| <a style=\"color: #009bde;\" href=\"https:\/\/www.coneau.gob.ar\/archivos\/resoluciones\/IF-2019-80958701-APN-DAC-CONEAU.pdf\" target=\"_blank\" rel=\"noopener noreferrer\">ANEXO<\/a><\/span><\/strong><\/p>\n<p style=\"text-align: justify;\"><strong><span style=\"color: #000000;\">La quinta etapa de la quinta convocatoria corresponde a las carreras de posgrado de especializaci\u00f3n, maestr\u00eda y doctorado pertenecientes al \u00e1rea de Ciencias Aplicadas.<\/span><\/strong><\/p>\n<p><span style=\"color: #009bde;\">\u2666\u00a0<strong>Formalizaci\u00f3n: <\/strong><span style=\"color: #000000;\">Estuvo disponible hasta el<\/span> <\/span><span style=\"color: #000000;\"><strong>15 de noviembre de 2019<\/strong> a trav\u00e9s de <\/span><a href=\"https:\/\/global.coneau.gob.ar\/coneauglobal\/\" target=\"_blank\" rel=\"noopener noreferrer\">CONEAU Global<\/a><\/p>\n<p><span style=\"color: #009bde;\">\u2666\u00a0<strong>Talleres preparatorios:\u00a0<\/strong><\/span><\/p>\n<p><span style=\"color: #000000;\"><strong>&#8211;\u00a0<\/strong>Posgrados correspondientes a los<strong> CPRES Metropolitano y Bonaerense: el taller se realiz\u00f3 el 21 de noviembre de 2019 <\/strong>| Ciudad de Buenos Aires <a href=\"https:\/\/www.coneau.gob.ar\/archivos\/csAplicadas\/PresentacionTallerPosgNov2019.pdf\" target=\"_blank\" rel=\"noopener noreferrer\">\u21d3 <\/a><\/span><a href=\"https:\/\/www.coneau.gob.ar\/archivos\/csAplicadas\/PresentacionTallerPosgNov2019.pdf\" target=\"_blank\" rel=\"noopener noreferrer\"><strong>Descargar presentaci\u00f3n<\/strong><\/a><\/p>\n<p><span style=\"color: #000000;\"><strong>&#8211;\u00a0<\/strong>Posgrados correspondientes a los<strong> CPRES Centro, Noreste, Noroeste, Nuevo Cuyo y Sur: el taller se realiz\u00f3 en modalidad a distancia entre el 27 de abril y el 7 de mayo. <a href=\"https:\/\/www.coneau.gob.ar\/coneau\/wp-content\/uploads\/2020\/06\/Presentaci\u00f3n-Taller-Posgrado-Mayo-2020.pdf\" target=\"_blank\" rel=\"noopener noreferrer\">\u21d3 Descargar presentaci\u00f3n<\/a><\/strong><\/span><\/p>\n<p><strong><a href=\"https:\/\/youtu.be\/WICNGvRo-Sg\" target=\"_blank\" rel=\"noopener noreferrer\">\u21d2 Ver video &#8211; Primera parte<\/a> | <a href=\"https:\/\/youtu.be\/NFre425yFks\">\u21d2<\/a><a href=\"https:\/\/youtu.be\/NFre425yFks\" target=\"_blank\" rel=\"noopener noreferrer\">Ver video &#8211; Segunda parte<\/a><\/strong><\/p>\n<p><strong><a href=\"https:\/\/youtu.be\/3JEddBGPM20\" target=\"_blank\" rel=\"noopener noreferrer\">\u21d2 Ver video &#8211; Consultas t\u00e9cnicas CONEAU Global<\/a><\/strong><\/p>\n<p><span style=\"color: #009bde;\"><strong>\u2666\u00a0Presentaci\u00f3n\u00a0de solicitud de acreditaci\u00f3n y autoevaluaci\u00f3n:<\/strong><\/span><\/p>\n<p><span style=\"color: #000000;\">La presentaci\u00f3n de las carreras \u00a0deber\u00e1 realizarse a\u00a0trav\u00e9s de\u00a0<a href=\"https:\/\/global.coneau.gob.ar\/coneauglobal\/\" target=\"_blank\" rel=\"noopener noreferrer\">CONEAU Global<\/a><a href=\"https:\/\/172.16.0.3\/coneauglobal\/\" target=\"_blank\" rel=\"noopener noreferrer\">\u00a0<\/a>teniendo en cuenta las siguientes fechas:<\/span><\/p>\n<p><span style=\"color: #000000;\"><strong>&#8211; <\/strong>Posgrados correspondientes a los<strong> CPRES Metropolitano y Bonaerense: en el marco de la pandemia de Coronavirus la fecha se extendi\u00f3 hasta el 19 de junio de 2020.<br \/>\n&#8211; <\/strong>Posgrados correspondientes a los<strong> CPRES Centro y Noreste: 16 de noviembre de 2020<br \/>\n&#8211; <\/strong>Posgrados correspondientes a los<strong> CPRES Noroeste, Nuevo Cuyo y Sur: 26 de marzo de 2021<\/strong><\/span><\/p>\n<p><span style=\"color: #009bde;\">\u2666\u00a0<strong><a style=\"color: #009bde;\" href=\"https:\/\/www.coneau.gob.ar\/archivos\/form09posg\/CsApNOTATECNICA.pdf\" target=\"_blank\" rel=\"noopener noreferrer\">Nota T\u00e9cnica\u00a0(Presentaci\u00f3n de la solicitud de acreditaci\u00f3n)<\/a><\/strong><\/span><\/p>\n<p><span style=\"color: #009bde;\">\u2666\u00a0<a href=\"https:\/\/www.coneau.gob.ar\/coneau\/acreditacion-de-carreras-2\/\" target=\"_blank\" rel=\"noopener noreferrer\"><strong>Implementaci\u00f3n de Tr\u00e1mites a Distancia\u00a0(TAD)<\/strong><\/a><\/span><\/p>\n","protected":false},"excerpt":{"rendered":"<p>\u2666 RESFC-2019-400-APN-CONEAU#MECCYT\u00a0| ANEXO La quinta etapa de la quinta convocatoria corresponde a las carreras de posgrado de especializaci\u00f3n, maestr\u00eda y doctorado pertenecientes al \u00e1rea de Ciencias Aplicadas. \u2666\u00a0Formalizaci\u00f3n: Estuvo disponible hasta el 15 de noviembre de 2019 a trav\u00e9s de CONEAU Global \u2666\u00a0Talleres preparatorios:\u00a0 &#8211;\u00a0Posgrados correspondientes a los CPRES Metropolitano y Bonaerense: el taller se &hellip; <a href=\"https:\/\/www.coneau.gob.ar\/coneau\/ciencias-aplicadas\/\" class=\"more-link\">Seguir leyendo <span class=\"screen-reader-text\">Ciencias Aplicadas<\/span> <span class=\"meta-nav\">&rarr;<\/span><\/a><\/p>\n","protected":false},"author":2,"featured_media":3127,"parent":0,"menu_order":0,"comment_status":"open","ping_status":"open","template":"template-carreras-posgrado-carreras-en-funcionamiento-convocatorias.php","meta":[],"acf":[],"_links":{"self":[{"href":"https:\/\/www.coneau.gob.ar\/coneau\/wp-json\/wp\/v2\/pages\/5345"}],"collection":[{"href":"https:\/\/www.coneau.gob.ar\/coneau\/wp-json\/wp\/v2\/pages"}],"about":[{"href":"https:\/\/www.coneau.gob.ar\/coneau\/wp-json\/wp\/v2\/types\/page"}],"author":[{"embeddable":true,"href":"https:\/\/www.coneau.gob.ar\/coneau\/wp-json\/wp\/v2\/users\/2"}],"replies":[{"embeddable":true,"href":"https:\/\/www.coneau.gob.ar\/coneau\/wp-json\/wp\/v2\/comments?post=5345"}],"version-history":[{"count":41,"href":"https:\/\/www.coneau.gob.ar\/coneau\/wp-json\/wp\/v2\/pages\/5345\/revisions"}],"predecessor-version":[{"id":5884,"href":"https:\/\/www.coneau.gob.ar\/coneau\/wp-json\/wp\/v2\/pages\/5345\/revisions\/5884"}],"wp:featuredmedia":[{"embeddable":true,"href":"https:\/\/www.coneau.gob.ar\/coneau\/wp-json\/wp\/v2\/media\/3127"}],"wp:attachment":[{"href":"https:\/\/www.coneau.gob.ar\/coneau\/wp-json\/wp\/v2\/media?parent=5345"}],"curies":[{"name":"wp","href":"https:\/\/api.w.org\/{rel}","templated":true}]}}